{"id":409,"date":"2025-09-11T20:14:28","date_gmt":"2025-09-11T18:14:28","guid":{"rendered":"https:\/\/mabuimavie.fundaciongeniotipo.org\/?page_id=409"},"modified":"2025-10-13T19:38:32","modified_gmt":"2025-10-13T17:38:32","slug":"titelles","status":"publish","type":"page","link":"https:\/\/mabuimavie.fundaciongeniotipo.org\/ca\/titelles\/","title":{"rendered":"Titelles"},"content":{"rendered":"\t\t<div data-elementor-type=\"wp-page\" data-elementor-id=\"409\" class=\"elementor elementor-409 elementor-408\">\n\t\t\t\t<div class=\"elementor-element elementor-element-ab2038f e-flex e-con-boxed e-con e-parent\" data-id=\"ab2038f\" data-element_type=\"container\" data-e-type=\"container\">\n\t\t\t\t\t<div class=\"e-con-inner\">\n\t\t\t\t<div class=\"elementor-element elementor-element-f2e44e1 elementor-widget elementor-widget-heading\" data-id=\"f2e44e1\" data-element_type=\"widget\" data-e-type=\"widget\" data-widget_type=\"heading.default\">\n\t\t\t\t\t<h3 class=\"elementor-heading-title elementor-size-default\">Una experi\u00e8ncia esc\u00e8nica per fer <br>pedagogia del talent des de la primera inf\u00e0ncia\n<\/h3>\t\t\t\t<\/div>\n\t\t\t\t\t<\/div>\n\t\t\t\t<\/div>\n\t\t<div class=\"elementor-element elementor-element-26bc96e e-flex e-con-boxed e-con e-parent\" data-id=\"26bc96e\" data-element_type=\"container\" data-e-type=\"container\">\n\t\t\t\t\t<div class=\"e-con-inner\">\n\t\t<div class=\"elementor-element elementor-element-1ee5bef e-con-full e-flex e-con e-child\" data-id=\"1ee5bef\" data-element_type=\"container\" data-e-type=\"container\">\n\t\t\t\t<div class=\"elementor-element elementor-element-7f2c060 elementor-widget elementor-widget-heading\" data-id=\"7f2c060\" data-element_type=\"widget\" data-e-type=\"widget\" data-widget_type=\"heading.default\">\n\t\t\t\t\t<h3 class=\"elementor-heading-title elementor-size-default\">Punts clau d'aquesta obra:<\/h3>\t\t\t\t<\/div>\n\t\t\t\t<div class=\"elementor-element elementor-element-01e9d47 elementor-widget elementor-widget-text-editor\" data-id=\"01e9d47\" data-element_type=\"widget\" data-e-type=\"widget\" data-widget_type=\"text-editor.default\">\n\t\t\t\t\t\t\t\t\t<p data-start=\"117\" data-end=\"468\" data-is-last-node=\"\" data-is-only-node=\"\">-Adaptat per a nens i nenes de 3 a 10 anys.<br data-start=\"160\" data-end=\"163\"><br>-M\u00fasica original i can\u00e7ons creades especialment per a l&#8217;espectacle.<br data-start=\"233\" data-end=\"236\"><br>-Escenografia viva, colorista i immersiva.<br data-start=\"277\" data-end=\"280\">personatges que representen diferents formes de talent a trav\u00e9s de titelles amb personalitat pr\u00f2pia que acompanyen la hist\u00f2ria.<br data-start=\"400\" data-end=\"403\"><br>-Narraci\u00f3 que acompanya el descobriment interior de cada infant.<\/p><p>-Durada aproximada: 1 hora.<\/p>\t\t\t\t\t\t\t\t<\/div>\n\t\t\t\t<\/div>\n\t\t<div class=\"elementor-element elementor-element-4287137 e-con-full e-flex e-con e-child\" data-id=\"4287137\" data-element_type=\"container\" data-e-type=\"container\">\n\t\t\t\t<div class=\"elementor-element elementor-element-92e1080 elementor-widget elementor-widget-image\" data-id=\"92e1080\" data-element_type=\"widget\" data-e-type=\"widget\" data-widget_type=\"image.default\">\n\t\t\t\t\t\t\t\t\t\t\t\t\t\t\t<img fetchpriority=\"high\" decoding=\"async\" width=\"2048\" height=\"1365\" src=\"https:\/\/mabuimavie.fundaciongeniotipo.org\/wp-content\/uploads\/2025\/10\/ENSAYO-TEATRO-MM-034-1.jpg\" class=\"attachment-full size-full wp-image-559\" alt=\"\" srcset=\"https:\/\/mabuimavie.fundaciongeniotipo.org\/wp-content\/uploads\/2025\/10\/ENSAYO-TEATRO-MM-034-1.jpg 2048w, https:\/\/mabuimavie.fundaciongeniotipo.org\/wp-content\/uploads\/2025\/10\/ENSAYO-TEATRO-MM-034-1-300x200.jpg 300w, https:\/\/mabuimavie.fundaciongeniotipo.org\/wp-content\/uploads\/2025\/10\/ENSAYO-TEATRO-MM-034-1-1024x683.jpg 1024w, https:\/\/mabuimavie.fundaciongeniotipo.org\/wp-content\/uploads\/2025\/10\/ENSAYO-TEATRO-MM-034-1-768x512.jpg 768w, https:\/\/mabuimavie.fundaciongeniotipo.org\/wp-content\/uploads\/2025\/10\/ENSAYO-TEATRO-MM-034-1-1536x1024.jpg 1536w\" sizes=\"(max-width: 2048px) 100vw, 2048px\" \/>\t\t\t\t\t\t\t\t\t\t\t\t\t\t\t<\/div>\n\t\t\t\t<\/div>\n\t\t\t\t\t<\/div>\n\t\t\t\t<\/div>\n\t\t<div class=\"elementor-element elementor-element-7a763bb e-flex e-con-boxed e-con e-parent\" data-id=\"7a763bb\" data-element_type=\"container\" data-e-type=\"container\">\n\t\t\t\t\t<div class=\"e-con-inner\">\n\t\t\t\t<div class=\"elementor-element elementor-element-e7fbf3c elementor-widget-divider--separator-type-pattern elementor-widget-divider--no-spacing elementor-widget-divider--view-line elementor-widget elementor-widget-divider\" data-id=\"e7fbf3c\" data-element_type=\"widget\" data-e-type=\"widget\" data-widget_type=\"divider.default\">\n\t\t\t\t\t\t\t<div class=\"elementor-divider\" style=\"--divider-pattern-url: url(&quot;data:image\/svg+xml,%3Csvg xmlns=&#039;http:\/\/www.w3.org\/2000\/svg&#039; preserveAspectRatio=&#039;xMidYMid meet&#039; overflow=&#039;visible&#039; height=&#039;100%&#039; viewBox=&#039;0 0 126 26&#039; fill=&#039;black&#039; stroke=&#039;none&#039;%3E%3Cpath d=&#039;M46.8,7.8v11.5L36,18.6V7.8H46.8z M82.4,7.8L84,18.6l-12,0.7L70.4,7.8H82.4z M0,7.8l12,0.9v9.9H1.3L0,7.8z M30,7.8v10.8H19L18,7.8H30z M63.7,7.8L66,18.6H54V9.5L63.7,7.8z M89.8,7L102,7.8v10.8H91.2L89.8,7zM108,7.8l12,0.9v8.9l-12,1V7.8z&#039;\/%3E%3C\/svg%3E&quot;);\">\n\t\t\t<span class=\"elementor-divider-separator\">\n\t\t\t\t\t\t<\/span>\n\t\t<\/div>\n\t\t\t\t\t\t<\/div>\n\t\t\t\t\t<\/div>\n\t\t\t\t<\/div>\n\t\t<div class=\"elementor-element elementor-element-8c30dbb e-flex e-con-boxed e-con e-parent\" data-id=\"8c30dbb\" data-element_type=\"container\" data-e-type=\"container\">\n\t\t\t\t\t<div class=\"e-con-inner\">\n\t\t\t\t<div class=\"elementor-element elementor-element-f331825 elementor-widget elementor-widget-heading\" data-id=\"f331825\" data-element_type=\"widget\" data-e-type=\"widget\" data-widget_type=\"heading.default\">\n\t\t\t\t\t<h3 class=\"elementor-heading-title elementor-size-default\">Aquesta obra:<\/h3>\t\t\t\t<\/div>\n\t\t\t\t\t<\/div>\n\t\t\t\t<\/div>\n\t\t<div class=\"elementor-element elementor-element-e68bf7d e-flex e-con-boxed e-con e-parent\" data-id=\"e68bf7d\" data-element_type=\"container\" data-e-type=\"container\">\n\t\t\t\t\t<div class=\"e-con-inner\">\n\t\t\t\t<div class=\"elementor-element elementor-element-cd828c9 elementor-widget elementor-widget-text-editor\" data-id=\"cd828c9\" data-element_type=\"widget\" data-e-type=\"widget\" data-widget_type=\"text-editor.default\">\n\t\t\t\t\t\t\t\t\t<p style=\"text-align: center;\">Cultiva el talent des del joc, la m\u00fasica i l&#8217;expressi\u00f3 art\u00edstica.<br>Connecta amb el m\u00f3n emocional dels infants de manera respectuosa.<br>Acompanya el desenvolupament de l&#8217;autoestima i la identitat.<br>Obre finestres a formes de ser, fer i aprendre diverses i complement\u00e0ries.<br>Fa pedagogia sense perdre la m\u00e0gia de l&#8217;escena.<\/p>\t\t\t\t\t\t\t\t<\/div>\n\t\t\t\t\t<\/div>\n\t\t\t\t<\/div>\n\t\t<div class=\"elementor-element elementor-element-b021cfc e-flex e-con-boxed e-con e-parent\" data-id=\"b021cfc\" data-element_type=\"container\" data-e-type=\"container\">\n\t\t\t\t\t<div class=\"e-con-inner\">\n\t\t\t\t<div class=\"elementor-element elementor-element-83ea0f0 elementor-widget-divider--separator-type-pattern elementor-widget-divider--no-spacing elementor-widget-divider--view-line elementor-widget elementor-widget-divider\" data-id=\"83ea0f0\" data-element_type=\"widget\" data-e-type=\"widget\" data-widget_type=\"divider.default\">\n\t\t\t\t\t\t\t<div class=\"elementor-divider\" style=\"--divider-pattern-url: url(&quot;data:image\/svg+xml,%3Csvg xmlns=&#039;http:\/\/www.w3.org\/2000\/svg&#039; preserveAspectRatio=&#039;xMidYMid meet&#039; overflow=&#039;visible&#039; height=&#039;100%&#039; viewBox=&#039;0 0 126 26&#039; fill=&#039;black&#039; stroke=&#039;none&#039;%3E%3Cpath d=&#039;M46.8,7.8v11.5L36,18.6V7.8H46.8z M82.4,7.8L84,18.6l-12,0.7L70.4,7.8H82.4z M0,7.8l12,0.9v9.9H1.3L0,7.8z M30,7.8v10.8H19L18,7.8H30z M63.7,7.8L66,18.6H54V9.5L63.7,7.8z M89.8,7L102,7.8v10.8H91.2L89.8,7zM108,7.8l12,0.9v8.9l-12,1V7.8z&#039;\/%3E%3C\/svg%3E&quot;);\">\n\t\t\t<span class=\"elementor-divider-separator\">\n\t\t\t\t\t\t<\/span>\n\t\t<\/div>\n\t\t\t\t\t\t<\/div>\n\t\t\t\t\t<\/div>\n\t\t\t\t<\/div>\n\t\t<div class=\"elementor-element elementor-element-75724c8 e-flex e-con-boxed e-con e-parent\" data-id=\"75724c8\" data-element_type=\"container\" data-e-type=\"container\">\n\t\t\t\t\t<div class=\"e-con-inner\">\n\t\t\t\t<div class=\"elementor-element elementor-element-a1d52f5 elementor-widget elementor-widget-heading\" data-id=\"a1d52f5\" data-element_type=\"widget\" data-e-type=\"widget\" data-widget_type=\"heading.default\">\n\t\t\t\t\t<h3 class=\"elementor-heading-title elementor-size-default\">Aquest espectacle est\u00e0 creat per un equip multidisciplinari <br>amb una traject\u00f2ria reconeguda en el m\u00f3n de l'educaci\u00f3, l'art i la m\u00fasica.<\/h3>\t\t\t\t<\/div>\n\t\t\t\t\t<\/div>\n\t\t\t\t<\/div>\n\t\t<div class=\"elementor-element elementor-element-10a93aa e-grid e-con-boxed e-con e-parent\" data-id=\"10a93aa\" data-element_type=\"container\" data-e-type=\"container\">\n\t\t\t\t\t<div class=\"e-con-inner\">\n\t\t\t\t<div class=\"elementor-element elementor-element-33b0244 elementor-widget elementor-widget-image\" data-id=\"33b0244\" data-element_type=\"widget\" data-e-type=\"widget\" data-widget_type=\"image.default\">\n\t\t\t\t\t\t\t\t\t\t\t\t\t\t\t<img decoding=\"async\" width=\"595\" height=\"680\" src=\"https:\/\/mabuimavie.fundaciongeniotipo.org\/wp-content\/uploads\/2025\/09\/MOBIL-WEB-CAT-1.svg\" class=\"attachment-large size-large wp-image-484\" alt=\"\" \/>\t\t\t\t\t\t\t\t\t\t\t\t\t\t\t<\/div>\n\t\t\t\t<div class=\"elementor-element elementor-element-d79cad4 elementor-widget elementor-widget-text-editor\" data-id=\"d79cad4\" data-element_type=\"widget\" data-e-type=\"widget\" data-widget_type=\"text-editor.default\">\n\t\t\t\t\t\t\t\t\t<p><strong>-Int\u00e8rprets (cantants i titellaires):<\/strong> David Bonilla Sellar\u00e8s i Judith Porta Eixemeno.<br data-start=\"196\" data-end=\"199\"><strong><br>-Composici\u00f3 i producci\u00f3 musical:<\/strong> Abel Jazz.<br data-start=\"242\" data-end=\"245\"><strong><br>-Gui\u00f3 original:<\/strong> Tony Estruch basat als contes del <em>Monstre del Talent<\/em> de: <em>Francesc Miralles, Sergi Torres i Claudia Campillo.<\/em><br data-start=\"366\" data-end=\"369\"><br><strong>-Dramat\u00fargia i direcci\u00f3 art\u00edstica:<\/strong> Abel Jazz.<br><br data-start=\"413\" data-end=\"416\"><strong>-Disseny t\u00e8cnic de llums i so:<\/strong> Carlos Arenales Arienza (Lituus).<br data-start=\"484\" data-end=\"487\"><br><strong>-Escenografia i titelles:<\/strong> Mart\u00ed Doy.<br><br data-start=\"523\" data-end=\"526\"><strong>-Estilisme:<\/strong> Irene Sevilla.<br data-start=\"550\" data-end=\"553\"><br><strong>-Producci\u00f3:<\/strong> Fundaci\u00f3 Geniotipo i AJ Records.<\/p><p><strong>-Comunicaci\u00f3:<\/strong> Nicole Cherigny.<br><br data-start=\"629\" data-end=\"632\"><strong>-Il\u00b7lustradora:<\/strong> Maria Risques.<\/p>\t\t\t\t\t\t\t\t<\/div>\n\t\t\t\t\t<\/div>\n\t\t\t\t<\/div>\n\t\t<div class=\"elementor-element elementor-element-c1abc09 e-flex e-con-boxed e-con e-parent\" data-id=\"c1abc09\" data-element_type=\"container\" data-e-type=\"container\" data-settings=\"{&quot;background_background&quot;:&quot;classic&quot;}\">\n\t\t\t\t\t<div class=\"e-con-inner\">\n\t\t<div class=\"elementor-element elementor-element-223a1db e-con-full e-flex e-con e-child\" data-id=\"223a1db\" data-element_type=\"container\" data-e-type=\"container\">\n\t\t\t\t<div class=\"elementor-element elementor-element-f4450a2 elementor-align-center elementor-widget elementor-widget-button\" data-id=\"f4450a2\" data-element_type=\"widget\" data-e-type=\"widget\" data-widget_type=\"button.default\">\n\t\t\t\t\t\t\t\t\t\t<a class=\"elementor-button elementor-button-link elementor-size-sm\" href=\"https:\/\/mabuimavie.fundaciongeniotipo.org\/ca\/contacte\/\">\n\t\t\t\t\t\t<span class=\"elementor-button-content-wrapper\">\n\t\t\t\t\t\t\t\t\t<span class=\"elementor-button-text\">Fes clic aqu\u00ed per a contractaci\u00f3<\/span>\n\t\t\t\t\t<\/span>\n\t\t\t\t\t<\/a>\n\t\t\t\t\t\t\t\t<\/div>\n\t\t\t\t<\/div>\n\t\t\t\t\t<\/div>\n\t\t\t\t<\/div>\n\t\t\t\t<\/div>\n\t\t","protected":false},"excerpt":{"rendered":"<p>Una experi\u00e8ncia esc\u00e8nica per fer pedagogia del talent des de la primera inf\u00e0ncia Punts clau d&#8217;aquesta obra: -Adaptat per a [&hellip;]<\/p>\n","protected":false},"author":1,"featured_media":0,"parent":0,"menu_order":0,"comment_status":"closed","ping_status":"closed","template":"","meta":{"site-sidebar-layout":"no-sidebar","site-content-layout":"","ast-site-content-layout":"full-width-container","site-content-style":"default","site-sidebar-style":"default","ast-global-header-display":"","ast-banner-title-visibility":"","ast-main-header-display":"","ast-hfb-above-header-display":"","ast-hfb-below-header-display":"","ast-hfb-mobile-header-display":"","site-post-title":"disabled","ast-breadcrumbs-content":"","ast-featured-img":"disabled","footer-sml-layout":"","ast-disable-related-posts":"","theme-transparent-header-meta":"default","adv-header-id-meta":"","stick-header-meta":"default","header-above-stick-meta":"","header-main-stick-meta":"","header-below-stick-meta":"","astra-migrate-meta-layouts":"default","ast-page-background-enabled":"default","ast-page-background-meta":{"desktop":{"background-color":"var(--ast-global-color-5)","background-image":"","background-repeat":"repeat","background-position":"center center","background-size":"auto","background-attachment":"scroll","background-type":"","background-media":"","overlay-type":"","overlay-color":"","overlay-opacity":"","overlay-gradient":""},"tablet":{"background-color":"","background-image":"","background-repeat":"repeat","background-position":"center center","background-size":"auto","background-attachment":"scroll","background-type":"","background-media":"","overlay-type":"","overlay-color":"","overlay-opacity":"","overlay-gradient":""},"mobile":{"background-color":"","background-image":"","background-repeat":"repeat","background-position":"center center","background-size":"auto","background-attachment":"scroll","background-type":"","background-media":"","overlay-type":"","overlay-color":"","overlay-opacity":"","overlay-gradient":""}},"ast-content-background-meta":{"desktop":{"background-color":"var(--ast-global-color-4)","background-image":"","background-repeat":"repeat","background-position":"center center","background-size":"auto","background-attachment":"scroll","background-type":"","background-media":"","overlay-type":"","overlay-color":"","overlay-opacity":"","overlay-gradient":""},"tablet":{"background-color":"var(--ast-global-color-4)","background-image":"","background-repeat":"repeat","background-position":"center center","background-size":"auto","background-attachment":"scroll","background-type":"","background-media":"","overlay-type":"","overlay-color":"","overlay-opacity":"","overlay-gradient":""},"mobile":{"background-color":"var(--ast-global-color-4)","background-image":"","background-repeat":"repeat","background-position":"center center","background-size":"auto","background-attachment":"scroll","background-type":"","background-media":"","overlay-type":"","overlay-color":"","overlay-opacity":"","overlay-gradient":""}},"footnotes":""},"class_list":["post-409","page","type-page","status-publish","hentry"],"_links":{"self":[{"href":"https:\/\/mabuimavie.fundaciongeniotipo.org\/ca\/wp-json\/wp\/v2\/pages\/409","targetHints":{"allow":["GET"]}}],"collection":[{"href":"https:\/\/mabuimavie.fundaciongeniotipo.org\/ca\/wp-json\/wp\/v2\/pages"}],"about":[{"href":"https:\/\/mabuimavie.fundaciongeniotipo.org\/ca\/wp-json\/wp\/v2\/types\/page"}],"author":[{"embeddable":true,"href":"https:\/\/mabuimavie.fundaciongeniotipo.org\/ca\/wp-json\/wp\/v2\/users\/1"}],"replies":[{"embeddable":true,"href":"https:\/\/mabuimavie.fundaciongeniotipo.org\/ca\/wp-json\/wp\/v2\/comments?post=409"}],"version-history":[{"count":12,"href":"https:\/\/mabuimavie.fundaciongeniotipo.org\/ca\/wp-json\/wp\/v2\/pages\/409\/revisions"}],"predecessor-version":[{"id":650,"href":"https:\/\/mabuimavie.fundaciongeniotipo.org\/ca\/wp-json\/wp\/v2\/pages\/409\/revisions\/650"}],"wp:attachment":[{"href":"https:\/\/mabuimavie.fundaciongeniotipo.org\/ca\/wp-json\/wp\/v2\/media?parent=409"}],"curies":[{"name":"wp","href":"https:\/\/api.w.org\/{rel}","templated":true}]}}