{"id":344,"date":"2025-08-08T07:25:12","date_gmt":"2025-08-08T05:25:12","guid":{"rendered":"https:\/\/mabuimavie.fundaciongeniotipo.org\/avis-legal-i-politica-de-privacitat\/"},"modified":"2025-09-08T19:55:06","modified_gmt":"2025-09-08T17:55:06","slug":"avis-legal-i-politica-de-privacitat","status":"publish","type":"page","link":"https:\/\/mabuimavie.fundaciongeniotipo.org\/ca\/avis-legal-i-politica-de-privacitat\/","title":{"rendered":"Av\u00eds Legal i Pol\u00edtica de Privacitat"},"content":{"rendered":"<div class=\"elementor-element elementor-element-1c7d88f elementor-widget elementor-widget-heading\" data-id=\"1c7d88f\" data-element_type=\"widget\" data-widget_type=\"heading.default\">\n<div class=\"elementor-widget-container\">\n<h3 class=\"elementor-heading-title elementor-size-default\">Av\u00eds Legal (LSSI)<\/h3>\n<\/div>\n<\/div>\n<div class=\"elementor-element elementor-element-c2944e9 elementor-widget elementor-widget-text-editor\" data-id=\"c2944e9\" data-element_type=\"widget\" data-widget_type=\"text-editor.default\">\n<div class=\"elementor-widget-container\">\n<p>La present p\u00e0gina web ha estat dissenyada per donar a con\u00e8ixer els serveis oferts per <strong>Fundaci\u00f3 Geniotipo.<\/strong> \u00c9s per aix\u00f2 que en compliment del que exigeix la Llei 34\/2002 se li informa que la present p\u00e0gina <strong>www.fundaciongeniotipo.org<\/strong> i el seu domini pertanyen a <strong>Fundaci\u00f3 Geniotipo<\/strong> amb <strong>CIF G56191992 i domicili social a C\/ President Jos\u00e9 Mar\u00eda Aznar, 11, 2n, 28500, Arganda del Rey, Madrid. Fundaci\u00f3 Geniotipo <\/strong> \u00e9s titular dels drets de propietat intel\u00b7lectual sobre les webs i els seus continguts, sense perjudici dels drets leg\u00edtims de tercers. Pot posar-se en contacte amb nosaltres al seg\u00fcent correu electr\u00f2nic: <strong>info@fundaciongeniotipo.org.<\/strong> <\/p>\n<\/div>\n<\/div>\n<div class=\"elementor-element elementor-element-a0299ef elementor-widget elementor-widget-heading\" data-id=\"a0299ef\" data-element_type=\"widget\" data-widget_type=\"heading.default\">\n<div class=\"elementor-widget-container\">\n<h3 class=\"elementor-heading-title elementor-size-default\">Protecci\u00f3 de Dades (LOPD \u2013 RUE)<\/h3>\n<\/div>\n<\/div>\n<div class=\"elementor-element elementor-element-71348ca elementor-widget elementor-widget-text-editor\" data-id=\"71348ca\" data-element_type=\"widget\" data-widget_type=\"text-editor.default\">\n<div class=\"elementor-widget-container\">\n<p><strong>INFORMACI\u00d3 DE TRACTAMENT DE DADES DE CAR\u00c0CTER PERSONAL<\/strong><br \/>\nEn compliment del deure legal d&#8217;informaci\u00f3 establert en la Llei 3\/2018 de Protecci\u00f3 de Dades Personals i Garantia dels Drets Digitals i en l&#8217;article 13 del Reglament (UE)2016\/679 se&#8217;ls facilita la seg\u00fcent informaci\u00f3 b\u00e0sica relativa a les dades personals aportades.<\/p>\n<p><strong>Responsable del Tractament<\/strong><br \/>\nFundaci\u00f3 Geniotipo<br \/>\n<strong>G56191992<\/strong><br \/>\nCam\u00ed de Sant Mar\u00e7al, 55, 08692, Puig-Reig, Barcelona<br \/>\n676 025 286<br \/>\n<strong>DPD: abigail@jrvt.es<\/strong><\/p>\n<p><b>Finalitats del Tractament<\/b><br \/>\nTractem la informaci\u00f3 que ens facilita <strong>amb la finalitat de complir amb el deure d&#8217;informaci\u00f3 pr\u00e8via i serveis proporcionats per la nostra empresa.<\/strong> S&#8217;utilitzar\u00e0 el seu correu electr\u00f2nic per gestionar l&#8217;enviament de la informaci\u00f3 que ens sol\u00b7liciti i per facilitar-li ofertes de productes i serveis nous que puguin ser del seu inter\u00e8s. Les dades personals proporcionades seran conservades el temps m\u00ednim necessari per satisfer la finalitat per la qual les va facilitar, aix\u00ed com per atendre les responsabilitats que es puguin derivar de les dades subministrades i de qualsevol altra exig\u00e8ncia legal. <\/p>\n<p><b>Legitimaci\u00f3 del Tractament<\/b><br \/>\nLa base legal per al tractament de les seves dades \u00e9s el seu <strong>consentiment previ per enviar-li informaci\u00f3 sobre productes i serveis i l&#8217;inter\u00e8s leg\u00edtim del responsable en donar-li resposta a les q\u00fcestions plantejades.<\/strong><\/p>\n<p><b>Destinataris<\/b><br \/>\n<strong>Les altres cessions previstes seran les m\u00ednimes i necess\u00e0ries per al correcte compliment del servei contractat, la seva formalitzaci\u00f3, pagament i facturaci\u00f3. NO<\/strong> es preveuen transfer\u00e8ncies de dades a tercers pa\u00efsos.<\/p>\n<p><b>Drets<\/b><br \/>\nVost\u00e8 t\u00e9 dret a obtenir informaci\u00f3 sobre si estem tractant dades personals que li concerneixen o no. Podr\u00e0 exercir els drets d&#8217;acc\u00e9s, rectificaci\u00f3, supressi\u00f3, limitaci\u00f3, portabilitat i cancel\u00b7laci\u00f3 sobre les seves dades personals. En qualsevol moment l&#8217;interessat pot retirar el consentiment prestat sense que aix\u00f2 afecti la licitud del tractament, aix\u00ed com la possibilitat d&#8217;acudir davant l&#8217;autoritat de control competent (AEPD).  <\/p>\n<p><b>Proced\u00e8ncia<\/b><br \/>\nLes dades personals procedeixen de la persona interessada i\/o de prove\u00efdors als quals hagi prestat el seu consentiment. La categoria de dades que tractem s\u00f3n: identificatius (nom, cognoms, DNI, tel\u00e8fon), adreces postals i electr\u00f2niques per a comunicacions. A causa de l&#8217;activitat principal i als serveis contractats i\/o sol\u00b7licitats <strong>NO<\/strong> es tracten dades especialment protegides.<\/p>\n<p><span style=\"text-decoration: underline;\"><strong>Pol\u00edtica sobre Xarxes Socials (LOPD-RUE)<\/strong><\/span><\/p>\n<p>En compliment del que disposa el <strong>Reglament Europeu UE de Protecci\u00f3 de Dades de Car\u00e0cter Personal, 2016\/679, Fundaci\u00f3 Geniotipo<\/strong> informa que compta amb pres\u00e8ncia i vincle a la seva WEB amb xarxes socials Facebook, Instagram i Twitter i els d\u00f3na \u00fas per mantenir informat als seus clients dels productes, serveis i novetats, aix\u00ed com plataforma de difusi\u00f3 de les seves activitats formatives per tot aix\u00f2 els informem que;<br \/>\nLes dades recollides mitjan\u00e7ant aquestes xarxes socials s\u00f3n tractades conforme als requisits legals exigits en el <strong>Reglament UE de Protecci\u00f3 de Dades<\/strong>, Si vost\u00e8 considera interessant ser el nostre FAN\/SEGUIDOR en aquest tipus de xarxes socials, s\u00e0piga que per seguir-nos <span style=\"text-decoration: underline;\">vost\u00e8 est\u00e0 cedint les seves dades a aquestes plataformes i haur\u00e0 per aix\u00f2 de con\u00e8ixer i acceptar l&#8217;\u00fas que aquestes plataformes fan de les seves dades.<\/span><br \/>\nAix\u00ed mateix, li indiquem que <strong>Fundaci\u00f3 Geniotipo<\/strong> no tractar\u00e0 les seves dades per a cap altra finalitat que no sigui \u00fanica i exclusivament la consentida per l&#8217;usuari i acceptada, complint d&#8217;aquesta manera el principi de qualitat disposat en la Llei Org\u00e0nica de Protecci\u00f3 de Dades.<br \/>\nL&#8217;interessat podr\u00e0 donar-se de baixa en aquestes xarxes socials, amb un senzill \u201cja no m&#8217;agrada\u201d si b\u00e9 posem a la seva disposici\u00f3 el seg\u00fcent correu electr\u00f2nic <strong>info@fundaciongeniotipo.org<\/strong> amb la finalitat de facilitar la comunicaci\u00f3 per a qualsevol dubte en relaci\u00f3 al seu tractament, den\u00fancia de fotos etc.<\/p>\n<p><b>Registre \u2013 Usuari<br \/>\n<\/b>En utilitzar la WEB <strong>www.fundaciongeniotipo.org<\/strong> l&#8217;usuari no sempre ha de facilitar un nom, un correu electr\u00f2nic sin\u00f3 que pot optar per navegar a la web sense necessitat de registre. Nom\u00e9s si desitja sol\u00b7licitar informaci\u00f3 a trav\u00e9s del formulari de contacte haur\u00e0 de facilitar les dades m\u00ednimes requerides i acceptar la pol\u00edtica de privacitat<br \/>\nAcceptant la pol\u00edtica de privacitat d\u00f3na el seu consentiment expr\u00e9s perqu\u00e8 li facilitem la informaci\u00f3 sol\u00b7licitada aix\u00ed com per a la possible recepci\u00f3 de butlletins amb informaci\u00f3 sobre ofertes, a aquests efectes declara que tota la informaci\u00f3 subministrada a l&#8217;hora de sol\u00b7licitar la informaci\u00f3 \u00e9s vera\u00e7, completa i precisa i que de conformitat amb la <strong>Llei Org\u00e0nica 3\/2018 de 5 de desembre de Protecci\u00f3 de Dades Personals i Garantia dels Drets Digitals i al Reglament Protecci\u00f3 de Dades de Car\u00e0cter Personal UE 679\/2016 de 27 d&#8217;abril de 2016<\/strong> havent d&#8217;acceptar el seu tractament.<br \/>\nLa persona que sol\u00b7licita informaci\u00f3 sobre serveis o productes oferts a la WEB autoritza expressament a <strong>Fundaci\u00f3 Geniotipo<\/strong> perqu\u00e8 procedeixi a incloure les seves dades en el seu registre d&#8217;activitats automatitzat concretament denominat \u201cCOMUNICACIONS I CONTACTES WEB\u201d conforme a l&#8217;article 30 del Reglament Protecci\u00f3 de Dades de Car\u00e0cter Personal UE 679\/2016 de 27 d&#8217;abril de 2016 resultant que les dades de car\u00e0cter personal que proporcionats en els camps del formulari s\u00f3n necessaris per a l&#8217;adequada prestaci\u00f3 de sol\u00b7licitud d&#8217;informaci\u00f3 la recollida de la qual t\u00e9 com a finalitat:<\/p>\n<ul>\n<li><span style=\"font-size: 16px;\">Poder oferir-li resposta a la seva sol\u00b7licitud<\/span><\/li>\n<li>Mantenir-lo informat d&#8217;ofertes i promocions similars a les contractades.<\/li>\n<\/ul>\n<p><strong>Limitaci\u00f3 de Responsabilitat<\/strong><\/p>\n<p><strong>Fundaci\u00f3 Geniotipo<\/strong> efectua els majors esfor\u00e7os per a l&#8217;actualitzaci\u00f3, manteniment i funcionament del seu lloc WEB, oferint a l&#8217;Usuari aquest lloc com una eina per a la informaci\u00f3 corporativa i de serveis, no obstant aix\u00f2,<br \/>\n<strong>Fundaci\u00f3 Geniotipo<\/strong> no pot garantir l&#8217;abs\u00e8ncia de fallades t\u00e8cniques, la seguretat total del servei WEB, ni que el mateix estigui operatiu les 24 hores del dia, set dies a la setmana en tot moment<\/p>\n<p><strong>Propietat Industrial i Intel\u00b7lectual<\/strong><br \/>\nAquesta WEB \u00e9s propietat de <strong>Fundaci\u00f3 Geniotipo<\/strong> els drets de Propietat Intel\u00b7lectual i drets d&#8217;explotaci\u00f3 i reproducci\u00f3 d&#8217;aquesta WEB, de les seves p\u00e0gines, pantalles, la informaci\u00f3 que contenen, la seva aparen\u00e7a i disseny, aix\u00ed com els vincles (&#8220;hiperlinks&#8221;) que s&#8217;estableixin des d&#8217;ella a altres p\u00e0gines WEB de qualsevol societat anunciant en la mateixa, s\u00f3n propietat exclusiva d&#8217;aquesta i altres anunciants conforme a les seves WEB\u00b4s corporatives, llevat que expressament s&#8217;especifiqui una altra cosa. Qualsevol denominaci\u00f3, disseny i\/o logotip, foto, aix\u00ed com qualsevol producte o servei oferts i reflectits en aquesta p\u00e0gina WEB, s\u00f3n propietat de Fundaci\u00f3 Geniotipo<br \/>\nQualsevol \u00fas indegut de les mateixes per persones diferents del seu leg\u00edtim titular i sense el consentiment expr\u00e9s i inequ\u00edvoc per part d&#8217;aquest podr\u00e0 ser denunciat i perseguit a trav\u00e9s de tots els mitjans legals existents en l&#8217;Ordenament Jur\u00eddic espanyol i\/o comunitari.<br \/>\nEls drets d&#8217;autor, propietat intel\u00b7lectual i marques de tercers si n&#8217;hi hagu\u00e9s estan destacats convenientment i han de ser respectats per tot aquell que accedeixi a aquesta p\u00e0gina, no sent responsabilitat de <strong>Fundaci\u00f3 Geniotipo<\/strong> l&#8217;\u00fas que l&#8217;usuari pugui dur a terme al respecte, recaient la responsabilitat exclusiva en la seva persona.<br \/>\n<strong>Fundaci\u00f3 Geniotipo<\/strong> es reserva la facultat de modificar, suspendre, cancel\u00b7lar o restringir el contingut de la WEB, els vincles o la informaci\u00f3 obtinguda a trav\u00e9s d&#8217;ella, sense necessitat de previ av\u00eds. Aquesta, en cap cas, assumeix responsabilitat alguna com a conseq\u00fc\u00e8ncia de la incorrecta utilitzaci\u00f3 de la WEB que pugui dur a terme l&#8217;usuari, tant de la informaci\u00f3 com dels serveis en ella continguts.<\/p>\n<p><strong>Legislaci\u00f3 Aplicable<\/strong><br \/>\nLlei Org\u00e0nica 3\/2018 de 5 de desembre de Protecci\u00f3 de Dades Personals i Garantia dels Drets Digitals, Reglament de Protecci\u00f3 de Dades de Car\u00e0cter Personal UE 679\/2016 de 27 d&#8217;abril de 2016 i Llei 34\/2002 d&#8217;11 de juliol de Serveis de la Societat de la Informaci\u00f3 i de Comer\u00e7 Electr\u00f2nic.<\/p>\n<\/div>\n<\/div>\n","protected":false},"excerpt":{"rendered":"<p>Av\u00eds Legal (LSSI) La present p\u00e0gina web ha estat dissenyada per donar a con\u00e8ixer els serveis oferts per Fundaci\u00f3 Geniotipo. [&hellip;]<\/p>\n","protected":false},"author":1,"featured_media":0,"parent":0,"menu_order":0,"comment_status":"closed","ping_status":"closed","template":"","meta":{"site-sidebar-layout":"default","site-content-layout":"","ast-site-content-layout":"default","site-content-style":"default","site-sidebar-style":"default","ast-global-header-display":"","ast-banner-title-visibility":"","ast-main-header-display":"","ast-hfb-above-header-display":"","ast-hfb-below-header-display":"","ast-hfb-mobile-header-display":"","site-post-title":"","ast-breadcrumbs-content":"","ast-featured-img":"","footer-sml-layout":"","ast-disable-related-posts":"","theme-transparent-header-meta":"default","adv-header-id-meta":"","stick-header-meta":"default","header-above-stick-meta":"","header-main-stick-meta":"","header-below-stick-meta":"","astra-migrate-meta-layouts":"default","ast-page-background-enabled":"default","ast-page-background-meta":{"desktop":{"background-color":"var(--ast-global-color-5)","background-image":"","background-repeat":"repeat","background-position":"center center","background-size":"auto","background-attachment":"scroll","background-type":"","background-media":"","overlay-type":"","overlay-color":"","overlay-opacity":"","overlay-gradient":""},"tablet":{"background-color":"","background-image":"","background-repeat":"repeat","background-position":"center center","background-size":"auto","background-attachment":"scroll","background-type":"","background-media":"","overlay-type":"","overlay-color":"","overlay-opacity":"","overlay-gradient":""},"mobile":{"background-color":"","background-image":"","background-repeat":"repeat","background-position":"center center","background-size":"auto","background-attachment":"scroll","background-type":"","background-media":"","overlay-type":"","overlay-color":"","overlay-opacity":"","overlay-gradient":""}},"ast-content-background-meta":{"desktop":{"background-color":"var(--ast-global-color-4)","background-image":"","background-repeat":"repeat","background-position":"center center","background-size":"auto","background-attachment":"scroll","background-type":"","background-media":"","overlay-type":"","overlay-color":"","overlay-opacity":"","overlay-gradient":""},"tablet":{"background-color":"var(--ast-global-color-4)","background-image":"","background-repeat":"repeat","background-position":"center center","background-size":"auto","background-attachment":"scroll","background-type":"","background-media":"","overlay-type":"","overlay-color":"","overlay-opacity":"","overlay-gradient":""},"mobile":{"background-color":"var(--ast-global-color-4)","background-image":"","background-repeat":"repeat","background-position":"center center","background-size":"auto","background-attachment":"scroll","background-type":"","background-media":"","overlay-type":"","overlay-color":"","overlay-opacity":"","overlay-gradient":""}},"footnotes":""},"class_list":["post-344","page","type-page","status-publish","hentry"],"_links":{"self":[{"href":"https:\/\/mabuimavie.fundaciongeniotipo.org\/ca\/wp-json\/wp\/v2\/pages\/344","targetHints":{"allow":["GET"]}}],"collection":[{"href":"https:\/\/mabuimavie.fundaciongeniotipo.org\/ca\/wp-json\/wp\/v2\/pages"}],"about":[{"href":"https:\/\/mabuimavie.fundaciongeniotipo.org\/ca\/wp-json\/wp\/v2\/types\/page"}],"author":[{"embeddable":true,"href":"https:\/\/mabuimavie.fundaciongeniotipo.org\/ca\/wp-json\/wp\/v2\/users\/1"}],"replies":[{"embeddable":true,"href":"https:\/\/mabuimavie.fundaciongeniotipo.org\/ca\/wp-json\/wp\/v2\/comments?post=344"}],"version-history":[{"count":1,"href":"https:\/\/mabuimavie.fundaciongeniotipo.org\/ca\/wp-json\/wp\/v2\/pages\/344\/revisions"}],"predecessor-version":[{"id":392,"href":"https:\/\/mabuimavie.fundaciongeniotipo.org\/ca\/wp-json\/wp\/v2\/pages\/344\/revisions\/392"}],"wp:attachment":[{"href":"https:\/\/mabuimavie.fundaciongeniotipo.org\/ca\/wp-json\/wp\/v2\/media?parent=344"}],"curies":[{"name":"wp","href":"https:\/\/api.w.org\/{rel}","templated":true}]}}